{"version":"1.0","provider_name":"Bayern-wolln-mer.net","provider_url":"https:\/\/www.bayern-wolln-mer.net\/blog","author_name":"Andreas Brandl","author_url":"https:\/\/www.bayern-wolln-mer.net\/blog\/index.php\/archives\/author\/andy","title":"Karpfen rot-wei\u00df - Bayern-wolln-mer.net","type":"rich","width":600,"height":338,"html":"<blockquote class=\"wp-embedded-content\"><a href=\"https:\/\/www.bayern-wolln-mer.net\/blog\/index.php\/archives\/franken-bayern\/87-karpfen-rot-weiss.html\">Karpfen rot-wei\u00df<\/a><\/blockquote>\n<script type='text\/javascript'>\n<!--\/\/--><![CDATA[\/\/><!--\n\t\t\/*! This file is auto-generated *\/\n\t\t!function(d,l){\"use strict\";var e=!1,n=!1;if(l.querySelector)if(d.addEventListener)e=!0;if(d.wp=d.wp||{},!d.wp.receiveEmbedMessage)if(d.wp.receiveEmbedMessage=function(e){var t=e.data;if(t)if(t.secret||t.message||t.value)if(!\/[^a-zA-Z0-9]\/.test(t.secret)){for(var r,i,a,s=l.querySelectorAll('iframe[data-secret=\"'+t.secret+'\"]'),n=l.querySelectorAll('blockquote[data-secret=\"'+t.secret+'\"]'),o=new RegExp(\"^https?:$\",\"i\"),c=0;c<n.length;c++)n[c].style.display=\"none\";for(c=0;c<s.length;c++)if(r=s[c],e.source===r.contentWindow){if(r.removeAttribute(\"style\"),\"height\"===t.message){if(1e3<(a=parseInt(t.value,10)))a=1e3;else if(~~a<200)a=200;r.height=a}if(\"link\"===t.message)if(i=l.createElement(\"a\"),a=l.createElement(\"a\"),i.href=r.getAttribute(\"src\"),a.href=t.value,o.test(a.protocol))if(a.host===i.host)if(l.activeElement===r)d.top.location.href=t.value}}},e)d.addEventListener(\"message\",d.wp.receiveEmbedMessage,!1),l.addEventListener(\"DOMContentLoaded\",t,!1),d.addEventListener(\"load\",t,!1);function t(){if(!n){n=!0;for(var e,t,r=-1!==navigator.appVersion.indexOf(\"MSIE 10\"),i=!!navigator.userAgent.match(\/Trident.*rv:11\\.\/),a=l.querySelectorAll(\"iframe.wp-embedded-content\"),s=0;s<a.length;s++){if(!(e=a[s]).getAttribute(\"data-secret\"))t=Math.random().toString(36).substr(2,10),e.src+=\"#?secret=\"+t,e.setAttribute(\"data-secret\",t);if(r||i)(t=e.cloneNode(!0)).removeAttribute(\"security\"),e.parentNode.replaceChild(t,e)}}}}(window,document);\n\/\/--><!]]>\n<\/script><iframe sandbox=\"allow-scripts\" security=\"restricted\" src=\"https:\/\/www.bayern-wolln-mer.net\/blog\/index.php\/archives\/franken-bayern\/87-karpfen-rot-weiss.html\/embed\" width=\"600\" height=\"338\" title=\"&#8222;Karpfen rot-wei\u00df&#8220; &#8211; Bayern-wolln-mer.net\" frameborder=\"0\" marginwidth=\"0\" marginheight=\"0\" scrolling=\"no\" class=\"wp-embedded-content\"><\/iframe>","description":"Nein, nicht mit Ketchup und Majo, sondern in Zukunft mit dem seiner Herkunft entsprechenden richtigen F\u00e4hnchen. Dazu haben die fr\u00e4nkischen Landr\u00e4te Reinhard Glauber (Forchheim) und G\u00fcnter Denzler (Bamberg) jetzt aufgerufen. Wer schon mal zwischen September und April in Franken einen Karpfen bestellt hat, der wei\u00df, dass dieser immer mit einem &#8220;Preis-F\u00e4hnlein&#8221;, &#8220;Deko-Picker&#8221; oder &#8220;am F\u00e4hnla [&hellip;]"}